{"id":14690,"date":"2024-08-27T17:33:19","date_gmt":"2024-08-27T17:33:19","guid":{"rendered":"https:\/\/tenco.ca\/?page_id=14690"},"modified":"2024-08-27T17:57:16","modified_gmt":"2024-08-27T17:57:16","slug":"camions-cle-en-main-disponibles","status":"publish","type":"page","link":"https:\/\/tenco.ca\/fr\/camions-cle-en-main-disponibles\/","title":{"rendered":"Camions cl\u00e9 en main compacts disponibles"},"content":{"rendered":"[mk_page_section padding_top=\u00a0\u00bb60&Prime; padding_bottom=\u00a0\u00bb0&Prime; first_page=\u00a0\u00bbfalse\u00a0\u00bb last_page=\u00a0\u00bbfalse\u00a0\u00bb sidebar=\u00a0\u00bbsidebar-1&Prime;][vc_column el_class=\u00a0\u00bbpement\u00a0\u00bb][vc_raw_html]JTNDZGl2JTIwY2xhc3MlM0QlMjJwYWNrYWdlLXJpYmJvbi13cmFwcGVyJTIyJTNFJTBBJTNDaDElMjBjbGFzcyUzRCUyMnBhY2thZ2UtdHlwZSUyMG5vcm1hbC10eXBlJTIwZ29ib29rJTIyJTNFQ0FNSU9OUyUyMENMJUMzJTg5JTIwRU4lMjBNQUlOJTIwRElTUE9OSUJMRVMlM0MlMkZoMSUzRSUwQSUzQ2RpdiUyMGNsYXNzJTNEJTIycGFja2FnZS10eXBlLWdpbW1pY2slMjIlM0UlM0MlMkZkaXYlM0UlMEElM0MlMkZkaXYlM0U=[\/vc_raw_html][vc_row_inner padding=\u00a0\u00bb0&Prime;][vc_column_inner width=\u00a0\u00bb2\/3&Prime;][vc_column_text]\n<h2><strong><span style=\"color: #f58020;\">Mod\u00e8les pour entrepreneurs et municipalit\u00e9s<\/span><\/strong><\/h2>\n[\/vc_column_text][vc_video link=\u00a0\u00bbhttps:\/\/vimeo.com\/1001681626?share=copy\u00a0\u00bb][\/vc_column_inner][vc_column_inner width=\u00a0\u00bb1\/3&Prime;][vc_raw_html el_class=\u00a0\u00bbprint-button\u00a0\u00bb]JTNDYSUyMGhyZWYlM0QlMjIlMjMlMjIlMjBvbmNsaWNrJTNEJTIyd2luZG93LnByaW50JTI4JTI5JTNCcmV0dXJuJTIwZmFsc2UlM0IlMjIlM0UlM0NpbWclMjB3aWR0aCUzRCUyMjM2JTIyJTIwaGVpZ2h0JTNEJTIyMzYlMjJzcmMlM0QlMjJodHRwcyUzQSUyRiUyRnRlbmNvLmNhJTJGd3AtY29udGVudCUyRnVwbG9hZHMlMkYyMDIxJTJGMDYlMkZwcmludC01MTIucG5nJTIyJTIwJTJGJTNFJTNDJTJGYSUzRQ==[\/vc_raw_html][mk_padding_divider size=\u00a0\u00bb15&Prime;][mk_table]\n<table width=\"70%\">\n<tbody>\n<tr style=\"background-color: #c3c3c3;\">\n<td style=\"text-align: left;\">Quantit\u00e9:<\/td>\n<td style=\"text-align: left;\"><strong><span style=\"color: #000000;\">5 (avec plusieurs autres en construction)<\/span><\/strong><\/td>\n<\/tr>\n<tr style=\"background-color: #e3e3e3;\">\n<td style=\"text-align: left;\">Emplacement:<\/td>\n<td style=\"text-align: left;\"><strong><span style=\"color: #000000;\">Quebec, Canada<\/span><\/strong><\/td>\n<\/tr>\n<tr style=\"background-color: #e3e3e3;\">\n<td style=\"text-align: left;\">Statut:<\/td>\n<td style=\"text-align: left;\"><strong><span style=\"color: #ff6600;\">DISPONIBLES<\/span><\/strong><\/td>\n<\/tr>\n<\/tbody>\n<\/table>\n[\/mk_table][mk_padding_divider size=\u00a0\u00bb36&Prime;][mk_contact_info title=\u00a0\u00bbInt\u00e9ress\u00e9 ? Contactez: Fred Poirlier\u00a0\u00bb phone=\u00a0\u00bbCell: 514-820-2102&Prime; email=\u00a0\u00bbfporlier@alamo-group.com\u00a0\u00bb][mk_button_gradient size=\u00a0\u00bbxx-large\u00a0\u00bb grandient_color_from=\u00a0\u00bb#f58233&Prime; grandient_color_to=\u00a0\u00bb#f58233&Prime; grandient_color_fallback=\u00a0\u00bb#ffffff\u00a0\u00bb url=\u00a0\u00bb\/turnkey-rfq\/\u00a0\u00bb target=\u00a0\u00bb_blank\u00a0\u00bb]OBTENEZ UN DEVIS[\/mk_button_gradient][\/vc_column_inner][\/vc_row_inner][\/vc_column][\/mk_page_section][mk_page_section padding_top=\u00a0\u00bb20&Prime; padding_bottom=\u00a0\u00bb20&Prime; first_page=\u00a0\u00bbfalse\u00a0\u00bb last_page=\u00a0\u00bbfalse\u00a0\u00bb sidebar=\u00a0\u00bbsidebar-1&Prime;][vc_column][mk_image src=\u00a0\u00bbhttps:\/\/tenco.ca\/wp-content\/uploads\/2024\/08\/French-Icons.jpg\u00a0\u00bb image_size=\u00a0\u00bbfull\u00a0\u00bb align=\u00a0\u00bbcenter\u00a0\u00bb][\/vc_column][vc_column][mk_fancy_title color=\u00a0\u00bb#ffffff\u00a0\u00bb size=\u00a0\u00bb24&Prime; force_font_size=\u00a0\u00bbtrue\u00a0\u00bb size_smallscreen=\u00a0\u00bb16&Prime; size_tablet=\u00a0\u00bb15&Prime; size_phone=\u00a0\u00bb14&Prime; line_height=\u00a0\u00bb60&Prime; font_weight=\u00a0\u00bbbold\u00a0\u00bb font_style=\u00a0\u00bbitalic\u00a0\u00bb margin_top=\u00a0\u00bb20&Prime; font_family=\u00a0\u00bbnone\u00a0\u00bb align=\u00a0\u00bbcenter\u00a0\u00bb el_class=\u00a0\u00bbbgorange\u00a0\u00bb]\n<p style=\"text-align: left; padding-left: 20px;\">MOD\u00c8LES DISPONIBLES<\/p>\n[\/mk_fancy_title][vc_row_inner padding=\u00a0\u00bb0&Prime;][vc_column_inner width=\u00a0\u00bb1\/3&Prime;][mk_table]\n<div class=\"yelwbg9\">\n<h3><span style=\"color: #ffffff;\">Ford F600 2025 avec ensemble Everest \/ Benne Lat\u00e9rale<\/span><\/h3>\n<table class=\"tbl16\" width=\"100%\">\n<thead><\/thead>\n<tbody>\n<tr style=\"background-color: #c3c3c3;\">\n<td><span class=\"author-kQIUmYTG5xuc\">Moteur<\/span><\/td>\n<td>V8 Powerstroke, 6.7L, 330HP. 950 lb\/pi<\/td>\n<\/tr>\n<tr style=\"background-color: #e3e3e3;\">\n<td>Transmission<\/td>\n<td>Transmission automatique, TorqShift 10 vitesses<\/td>\n<\/tr>\n<tr style=\"background-color: #c3c3c3;\">\n<td>Benne<\/td>\n<td>Everest SDSL10-16\/20 benne lat\u00e9rale en acier, peinte en jaune s\u00e9curit\u00e9<\/td>\n<\/tr>\n<tr style=\"background-color: #e3e3e3;\">\n<td>Capacit\u00e9 de charge des essieux<\/td>\n<td>Essieu avant: 7500 lbs<br \/>\nEssieu arri\u00e8re: 15 500 lbs<\/td>\n<\/tr>\n<tr style=\"background-color: #c3c3c3;\">\n<td>Attelage<\/td>\n<td>Attelage Everest Super Duty (d\u00e9tachable)<\/td>\n<\/tr>\n<tr style=\"background-color: #e3e3e3;\">\n<td>Couleur camion<\/td>\n<td>Blanc<\/td>\n<\/tr>\n<tr style=\"background-color: #c3c3c3;\">\n<td>Permis<\/td>\n<td>Classe 5 ou G dans la majorit\u00e9 des jurisdictions<\/td>\n<\/tr>\n<\/tbody>\n<\/table>\n<\/div>\n[\/mk_table][\/vc_column_inner][vc_column_inner width=\u00a0\u00bb1\/3&Prime;][mk_padding_divider size=\u00a0\u00bb0&Prime; visibility=\u00a0\u00bbhidden-sm\u00a0\u00bb][mk_image src=\u00a0\u00bbhttps:\/\/tenco.ca\/wp-content\/uploads\/2024\/08\/SDSL10-3-1.jpg\u00a0\u00bb image_size=\u00a0\u00bbfull\u00a0\u00bb frame_style=\u00a0\u00bbshadow_only\u00a0\u00bb target=\u00a0\u00bb_blank\u00a0\u00bb caption_location=\u00a0\u00bboutside-image\u00a0\u00bb margin_bottom=\u00a0\u00bb3&Prime;][mk_padding_divider size=\u00a0\u00bb24&Prime; visibility=\u00a0\u00bbhidden-sm\u00a0\u00bb][mk_image src=\u00a0\u00bbhttps:\/\/tenco.ca\/wp-content\/uploads\/2024\/08\/SDSL10-2-1.jpg\u00a0\u00bb image_size=\u00a0\u00bbfull\u00a0\u00bb frame_style=\u00a0\u00bbshadow_only\u00a0\u00bb target=\u00a0\u00bb_blank\u00a0\u00bb caption_location=\u00a0\u00bboutside-image\u00a0\u00bb margin_bottom=\u00a0\u00bb3&Prime;][mk_padding_divider size=\u00a0\u00bb24&Prime; visibility=\u00a0\u00bbhidden-sm\u00a0\u00bb][\/vc_column_inner][vc_column_inner width=\u00a0\u00bb1\/3&Prime;][mk_padding_divider size=\u00a0\u00bb0&Prime; visibility=\u00a0\u00bbhidden-sm\u00a0\u00bb][mk_image src=\u00a0\u00bbhttps:\/\/tenco.ca\/wp-content\/uploads\/2024\/08\/SDSL10-4.jpg\u00a0\u00bb image_size=\u00a0\u00bbfull\u00a0\u00bb frame_style=\u00a0\u00bbshadow_only\u00a0\u00bb target=\u00a0\u00bb_blank\u00a0\u00bb caption_location=\u00a0\u00bboutside-image\u00a0\u00bb margin_bottom=\u00a0\u00bb3&Prime;][mk_padding_divider size=\u00a0\u00bb24&Prime; visibility=\u00a0\u00bbhidden-sm\u00a0\u00bb][mk_image src=\u00a0\u00bbhttps:\/\/tenco.ca\/wp-content\/uploads\/2024\/08\/SDSL10-1-1.jpg\u00a0\u00bb image_size=\u00a0\u00bbfull\u00a0\u00bb frame_style=\u00a0\u00bbshadow_only\u00a0\u00bb target=\u00a0\u00bb_blank\u00a0\u00bb caption_location=\u00a0\u00bboutside-image\u00a0\u00bb margin_bottom=\u00a0\u00bb3&Prime;][mk_padding_divider size=\u00a0\u00bb24&Prime; visibility=\u00a0\u00bbhidden-sm\u00a0\u00bb][\/vc_column_inner][\/vc_row_inner][mk_padding_divider size=\u00a0\u00bb0&Prime; visibility=\u00a0\u00bbhidden-sm\u00a0\u00bb][\/vc_column][\/mk_page_section][mk_page_section padding_top=\u00a0\u00bb20&Prime; padding_bottom=\u00a0\u00bb20&Prime; first_page=\u00a0\u00bbfalse\u00a0\u00bb last_page=\u00a0\u00bbfalse\u00a0\u00bb sidebar=\u00a0\u00bbsidebar-1&Prime;][vc_column][vc_row_inner padding=\u00a0\u00bb0&Prime;][vc_column_inner width=\u00a0\u00bb1\/3&Prime;][mk_table]\n<div class=\"yelwbg9\">\n<h3><span style=\"color: #ffffff;\">Ford F600 2025 avec ensemble Everest \/ Benne Lat\u00e9rale<\/span><\/h3>\n<table class=\"tbl16\" width=\"100%\">\n<thead><\/thead>\n<tbody>\n<tr style=\"background-color: #c3c3c3;\">\n<td><span class=\"author-kQIUmYTG5xuc\">Moteur<\/span><\/td>\n<td>V8 Powerstroke, 6.7L, 330HP. 950 lb\/pi<\/td>\n<\/tr>\n<tr style=\"background-color: #e3e3e3;\">\n<td>Transmission<\/td>\n<td>Transmission automatique, TorqShift 10 vitesses<\/td>\n<\/tr>\n<tr style=\"background-color: #c3c3c3;\">\n<td>Benne<\/td>\n<td>Everest MD20011-14-19 &#8211; Carrosserie pour entrepreneurs de 11 pieds avec c\u00f4t\u00e9s rabattables. Plancher de 3\/16&Prime;. Peint en noir.<\/td>\n<\/tr>\n<tr style=\"background-color: #e3e3e3;\">\n<td>Capacit\u00e9 de charge des essieux<\/td>\n<td>Essieu avant: 7500 lbs<br \/>\nEssieu arri\u00e8re: 15 500 lbs<\/td>\n<\/tr>\n<tr style=\"background-color: #c3c3c3;\">\n<td>Attelage<\/td>\n<td>Attelage Everest Super Duty (d\u00e9tachable)<\/td>\n<\/tr>\n<tr style=\"background-color: #e3e3e3;\">\n<td>Couleur camion<\/td>\n<td>Blanc<\/td>\n<\/tr>\n<tr style=\"background-color: #c3c3c3;\">\n<td>Permis<\/td>\n<td>Classe 5 ou G dans la majorit\u00e9 des jurisdictions<\/td>\n<\/tr>\n<\/tbody>\n<\/table>\n<\/div>\n[\/mk_table][\/vc_column_inner][vc_column_inner width=\u00a0\u00bb1\/3&Prime;][mk_padding_divider size=\u00a0\u00bb0&Prime; visibility=\u00a0\u00bbhidden-sm\u00a0\u00bb][mk_image src=\u00a0\u00bbhttps:\/\/tenco.ca\/wp-content\/uploads\/2024\/08\/MD20011-4.jpg\u00a0\u00bb image_size=\u00a0\u00bbfull\u00a0\u00bb frame_style=\u00a0\u00bbshadow_only\u00a0\u00bb target=\u00a0\u00bb_blank\u00a0\u00bb caption_location=\u00a0\u00bboutside-image\u00a0\u00bb margin_bottom=\u00a0\u00bb3&Prime;][mk_padding_divider size=\u00a0\u00bb24&Prime; visibility=\u00a0\u00bbhidden-sm\u00a0\u00bb][mk_image src=\u00a0\u00bbhttps:\/\/tenco.ca\/wp-content\/uploads\/2024\/08\/MD20011-2.jpg\u00a0\u00bb image_size=\u00a0\u00bbfull\u00a0\u00bb frame_style=\u00a0\u00bbshadow_only\u00a0\u00bb target=\u00a0\u00bb_blank\u00a0\u00bb caption_location=\u00a0\u00bboutside-image\u00a0\u00bb margin_bottom=\u00a0\u00bb3&Prime;][mk_padding_divider size=\u00a0\u00bb24&Prime; visibility=\u00a0\u00bbhidden-sm\u00a0\u00bb][\/vc_column_inner][vc_column_inner width=\u00a0\u00bb1\/3&Prime;][mk_padding_divider size=\u00a0\u00bb0&Prime; visibility=\u00a0\u00bbhidden-sm\u00a0\u00bb][mk_image src=\u00a0\u00bbhttps:\/\/tenco.ca\/wp-content\/uploads\/2024\/08\/MD20011-3.jpg\u00a0\u00bb image_size=\u00a0\u00bbfull\u00a0\u00bb frame_style=\u00a0\u00bbshadow_only\u00a0\u00bb target=\u00a0\u00bb_blank\u00a0\u00bb caption_location=\u00a0\u00bboutside-image\u00a0\u00bb margin_bottom=\u00a0\u00bb3&Prime;][mk_padding_divider size=\u00a0\u00bb24&Prime; visibility=\u00a0\u00bbhidden-sm\u00a0\u00bb][mk_image src=\u00a0\u00bbhttps:\/\/tenco.ca\/wp-content\/uploads\/2024\/08\/MD20011-1.jpg\u00a0\u00bb image_size=\u00a0\u00bbfull\u00a0\u00bb frame_style=\u00a0\u00bbshadow_only\u00a0\u00bb target=\u00a0\u00bb_blank\u00a0\u00bb caption_location=\u00a0\u00bboutside-image\u00a0\u00bb margin_bottom=\u00a0\u00bb3&Prime;][mk_padding_divider size=\u00a0\u00bb24&Prime; visibility=\u00a0\u00bbhidden-sm\u00a0\u00bb][\/vc_column_inner][\/vc_row_inner][mk_padding_divider size=\u00a0\u00bb0&Prime; visibility=\u00a0\u00bbhidden-sm\u00a0\u00bb][vc_row_inner padding=\u00a0\u00bb0&Prime;][vc_column_inner width=\u00a0\u00bb1\/3&Prime;][mk_table]\n<div class=\"yelwbg9\">\n<h3><span style=\"color: #ffffff;\">Ensemble \u00e9pandeur Tenco CV International 2024<\/span><\/h3>\n<table class=\"tbl16\" width=\"100%\">\n<thead><\/thead>\n<tbody>\n<tr style=\"background-color: #c3c3c3;\">\n<td><span class=\"author-kQIUmYTG5xuc\">Moteur<\/span><\/td>\n<td>International 6.6-350 hp 700 lb-pi<\/td>\n<\/tr>\n<tr style=\"background-color: #e3e3e3;\">\n<td>Transmission<\/td>\n<td>Allison 2750 RDS<\/td>\n<\/tr>\n<tr style=\"background-color: #c3c3c3;\">\n<td>Benne<\/td>\n<td>\u00c9pandeur TCD-8, d\u00e9charge arri\u00e8re avec disque en poly, kit de tamis, peint en jaune.<\/td>\n<\/tr>\n<tr style=\"background-color: #e3e3e3;\">\n<td>Capacit\u00e9 de charge des essieux<\/td>\n<td>Essieu avant: 7500 lbs<br \/>\nEssieu arri\u00e8re: 15 500 lbs<\/td>\n<\/tr>\n<tr style=\"background-color: #c3c3c3;\">\n<td>Attelage<\/td>\n<td>Attelage CV \u00e0 montage bas<\/td>\n<\/tr>\n<tr style=\"background-color: #e3e3e3;\">\n<td>Couleur camion<\/td>\n<td>Jaune<\/td>\n<\/tr>\n<tr style=\"background-color: #c3c3c3;\">\n<td>Permis<\/td>\n<td>Classe 5 ou G dans la majorit\u00e9 des jurisdictions<\/td>\n<\/tr>\n<\/tbody>\n<\/table>\n<\/div>\n[\/mk_table][\/vc_column_inner][vc_column_inner width=\u00a0\u00bb1\/3&Prime;][mk_padding_divider size=\u00a0\u00bb0&Prime; visibility=\u00a0\u00bbhidden-sm\u00a0\u00bb][mk_image src=\u00a0\u00bbhttps:\/\/tenco.ca\/wp-content\/uploads\/2024\/08\/CV-International-2.jpg\u00a0\u00bb image_size=\u00a0\u00bbfull\u00a0\u00bb frame_style=\u00a0\u00bbshadow_only\u00a0\u00bb target=\u00a0\u00bb_blank\u00a0\u00bb caption_location=\u00a0\u00bboutside-image\u00a0\u00bb margin_bottom=\u00a0\u00bb3&Prime;][mk_padding_divider size=\u00a0\u00bb24&Prime; visibility=\u00a0\u00bbhidden-sm\u00a0\u00bb][mk_image src=\u00a0\u00bbhttps:\/\/tenco.ca\/wp-content\/uploads\/2024\/08\/CV-International-4.jpg\u00a0\u00bb image_size=\u00a0\u00bbfull\u00a0\u00bb frame_style=\u00a0\u00bbshadow_only\u00a0\u00bb target=\u00a0\u00bb_blank\u00a0\u00bb caption_location=\u00a0\u00bboutside-image\u00a0\u00bb margin_bottom=\u00a0\u00bb3&Prime;][mk_padding_divider size=\u00a0\u00bb24&Prime; visibility=\u00a0\u00bbhidden-sm\u00a0\u00bb][\/vc_column_inner][vc_column_inner width=\u00a0\u00bb1\/3&Prime;][mk_padding_divider size=\u00a0\u00bb0&Prime; visibility=\u00a0\u00bbhidden-sm\u00a0\u00bb][mk_image src=\u00a0\u00bbhttps:\/\/tenco.ca\/wp-content\/uploads\/2024\/08\/CV-International.jpg\u00a0\u00bb image_size=\u00a0\u00bbfull\u00a0\u00bb frame_style=\u00a0\u00bbshadow_only\u00a0\u00bb target=\u00a0\u00bb_blank\u00a0\u00bb caption_location=\u00a0\u00bboutside-image\u00a0\u00bb margin_bottom=\u00a0\u00bb3&Prime;][mk_padding_divider size=\u00a0\u00bb24&Prime; visibility=\u00a0\u00bbhidden-sm\u00a0\u00bb][mk_image src=\u00a0\u00bbhttps:\/\/tenco.ca\/wp-content\/uploads\/2024\/08\/CV-InternationaL-3.jpg\u00a0\u00bb image_size=\u00a0\u00bbfull\u00a0\u00bb frame_style=\u00a0\u00bbshadow_only\u00a0\u00bb target=\u00a0\u00bb_blank\u00a0\u00bb caption_location=\u00a0\u00bboutside-image\u00a0\u00bb margin_bottom=\u00a0\u00bb3&Prime;][mk_padding_divider size=\u00a0\u00bb24&Prime; visibility=\u00a0\u00bbhidden-sm\u00a0\u00bb][\/vc_column_inner][\/vc_row_inner][mk_button_gradient size=\u00a0\u00bbxx-large\u00a0\u00bb grandient_color_from=\u00a0\u00bb#f58233&Prime; grandient_color_to=\u00a0\u00bb#f58233&Prime; grandient_color_fallback=\u00a0\u00bb#ffffff\u00a0\u00bb url=\u00a0\u00bb\/turnkey-rfq\/\u00a0\u00bb target=\u00a0\u00bb_blank\u00a0\u00bb align=\u00a0\u00bbcenter\u00a0\u00bb]OBTENEZ UN DEVIS[\/mk_button_gradient][vc_column_text]<a href=\"https:\/\/tenco.ca\/fr\/camions-demonstrateurs-cle-en-main\/\"><span style=\"color: #333399;\"><b>Voir notre inventaire ici !<\/b><\/span><\/a>[\/vc_column_text][vc_column_text]Pr\u00e9parez-vous pour la saison hivernale avec nos camions de d\u00e9neigement cl\u00e9 en main haut de gamme d\u00e9sormais disponibles pour une livraison imm\u00e9diate partout au Canada.<\/p>\n<p>Que vous soyez une municipalit\u00e9 ou un entrepreneur, nos camions de d\u00e9neigement F600 et CV International sont con\u00e7us pour affronter les conditions de neige les plus difficiles.<\/p>\n<p>Ces camions de haute qualit\u00e9 et durables sont pr\u00eats \u00e0 \u00eatre exp\u00e9di\u00e9s, vous garantissant l&rsquo;\u00e9quipement fiable dont vous avez besoin lorsque cela compte le plus.<\/p>\n<p>Ne manquez pas l&rsquo;occasion de s\u00e9curiser les meilleurs camions de d\u00e9neigement de l&rsquo;industrie\u2014parfaits pour les municipalit\u00e9s canadiennes et les entrepreneurs qui ont besoin de v\u00e9hicules pr\u00eats pour l&rsquo;hiver d\u00e8s maintenant.<\/p>\n<p>Commandez d\u00e8s aujourd&rsquo;hui et d\u00e9couvrez les performances in\u00e9gal\u00e9es de nos camions de d\u00e9neigement, con\u00e7us pour r\u00e9sister \u00e0 une utilisation intensive en hiver canadien.<\/p>\n<p>Obtenez un devis maintenant et soyez pr\u00eat pour la saison \u00e0 venir avec votre camion de d\u00e9neigement cl\u00e9 en main.[\/vc_column_text][\/vc_column][\/mk_page_section]\n","protected":false},"excerpt":{"rendered":"<p>Safe and powerful, Tenco&rsquo;s loader mount snow blower is built to be mechanically reliable, leaving the competition far behind! <\/p>\n","protected":false},"author":52,"featured_media":0,"parent":0,"menu_order":0,"comment_status":"closed","ping_status":"closed","template":"","meta":{"_acf_changed":false,"footnotes":""},"class_list":["post-14690","page","type-page","status-publish","hentry"],"acf":[],"yoast_head":"<!-- This site is optimized with the Yoast SEO plugin v27.4 - https:\/\/yoast.com\/product\/yoast-seo-wordpress\/ -->\n<title>Camions de d\u00e9neigement disponibles \u2013 Obtenez un devis !<\/title>\n<meta name=\"description\" content=\"Pr\u00e9parez-vous pour l&#039;hiver avec nos camions de d\u00e9neigement cl\u00e9 en main haut de gamme, disponibles d\u00e8s maintenant et pr\u00eats \u00e0 \u00eatre exp\u00e9di\u00e9s partout au Canada. Id\u00e9al pour les municipalit\u00e9s et les entrepreneurs \u00e0 la recherche d&#039;une livraison imm\u00e9diate. Obtenez un devis d\u00e8s aujourd&#039;hui !\" \/>\n<meta name=\"robots\" content=\"index, follow, max-snippet:-1, max-image-preview:large, max-video-preview:-1\" \/>\n<link rel=\"canonical\" href=\"https:\/\/tenco.ca\/fr\/camions-cle-en-main-disponibles\/\" \/>\n<meta property=\"og:locale\" content=\"fr_CA\" \/>\n<meta property=\"og:type\" content=\"article\" \/>\n<meta property=\"og:title\" content=\"Camions de d\u00e9neigement disponibles \u2013 Obtenez un devis !\" \/>\n<meta property=\"og:description\" content=\"Pr\u00e9parez-vous pour l&#039;hiver avec nos camions de d\u00e9neigement cl\u00e9 en main haut de gamme, disponibles d\u00e8s maintenant et pr\u00eats \u00e0 \u00eatre exp\u00e9di\u00e9s partout au Canada. Id\u00e9al pour les municipalit\u00e9s et les entrepreneurs \u00e0 la recherche d&#039;une livraison imm\u00e9diate. Obtenez un devis d\u00e8s aujourd&#039;hui !\" \/>\n<meta property=\"og:url\" content=\"https:\/\/tenco.ca\/fr\/camions-cle-en-main-disponibles\/\" \/>\n<meta property=\"og:site_name\" content=\"Tenco\" \/>\n<meta property=\"article:modified_time\" content=\"2024-08-27T17:57:16+00:00\" \/>\n<meta name=\"twitter:card\" content=\"summary_large_image\" \/>\n<meta name=\"twitter:label1\" content=\"Estimation du temps de lecture\" \/>\n\t<meta name=\"twitter:data1\" content=\"3 minutes\" \/>\n<script type=\"application\/ld+json\" class=\"yoast-schema-graph\">{\"@context\":\"https:\\\/\\\/schema.org\",\"@graph\":[{\"@type\":\"WebPage\",\"@id\":\"https:\\\/\\\/tenco.ca\\\/fr\\\/camions-cle-en-main-disponibles\\\/\",\"url\":\"https:\\\/\\\/tenco.ca\\\/fr\\\/camions-cle-en-main-disponibles\\\/\",\"name\":\"Camions de d\u00e9neigement disponibles \u2013 Obtenez un devis !\",\"isPartOf\":{\"@id\":\"https:\\\/\\\/tenco.ca\\\/ny\\\/#website\"},\"datePublished\":\"2024-08-27T17:33:19+00:00\",\"dateModified\":\"2024-08-27T17:57:16+00:00\",\"description\":\"Pr\u00e9parez-vous pour l'hiver avec nos camions de d\u00e9neigement cl\u00e9 en main haut de gamme, disponibles d\u00e8s maintenant et pr\u00eats \u00e0 \u00eatre exp\u00e9di\u00e9s partout au Canada. Id\u00e9al pour les municipalit\u00e9s et les entrepreneurs \u00e0 la recherche d'une livraison imm\u00e9diate. Obtenez un devis d\u00e8s aujourd'hui !\",\"breadcrumb\":{\"@id\":\"https:\\\/\\\/tenco.ca\\\/fr\\\/camions-cle-en-main-disponibles\\\/#breadcrumb\"},\"inLanguage\":\"fr-CA\",\"potentialAction\":[{\"@type\":\"ReadAction\",\"target\":[\"https:\\\/\\\/tenco.ca\\\/fr\\\/camions-cle-en-main-disponibles\\\/\"]}]},{\"@type\":\"BreadcrumbList\",\"@id\":\"https:\\\/\\\/tenco.ca\\\/fr\\\/camions-cle-en-main-disponibles\\\/#breadcrumb\",\"itemListElement\":[{\"@type\":\"ListItem\",\"position\":1,\"name\":\"Home\",\"item\":\"https:\\\/\\\/tenco.ca\\\/fr\\\/\"},{\"@type\":\"ListItem\",\"position\":2,\"name\":\"Camions cl\u00e9 en main compacts disponibles\"}]},{\"@type\":\"WebSite\",\"@id\":\"https:\\\/\\\/tenco.ca\\\/ny\\\/#website\",\"url\":\"https:\\\/\\\/tenco.ca\\\/ny\\\/\",\"name\":\"Tenco\",\"description\":\"\",\"potentialAction\":[{\"@type\":\"SearchAction\",\"target\":{\"@type\":\"EntryPoint\",\"urlTemplate\":\"https:\\\/\\\/tenco.ca\\\/ny\\\/?s={search_term_string}\"},\"query-input\":{\"@type\":\"PropertyValueSpecification\",\"valueRequired\":true,\"valueName\":\"search_term_string\"}}],\"inLanguage\":\"fr-CA\"}]}<\/script>\n<!-- \/ Yoast SEO plugin. -->","yoast_head_json":{"title":"Camions de d\u00e9neigement disponibles \u2013 Obtenez un devis !","description":"Pr\u00e9parez-vous pour l'hiver avec nos camions de d\u00e9neigement cl\u00e9 en main haut de gamme, disponibles d\u00e8s maintenant et pr\u00eats \u00e0 \u00eatre exp\u00e9di\u00e9s partout au Canada. Id\u00e9al pour les municipalit\u00e9s et les entrepreneurs \u00e0 la recherche d'une livraison imm\u00e9diate. Obtenez un devis d\u00e8s aujourd'hui !","robots":{"index":"index","follow":"follow","max-snippet":"max-snippet:-1","max-image-preview":"max-image-preview:large","max-video-preview":"max-video-preview:-1"},"canonical":"https:\/\/tenco.ca\/fr\/camions-cle-en-main-disponibles\/","og_locale":"fr_CA","og_type":"article","og_title":"Camions de d\u00e9neigement disponibles \u2013 Obtenez un devis !","og_description":"Pr\u00e9parez-vous pour l'hiver avec nos camions de d\u00e9neigement cl\u00e9 en main haut de gamme, disponibles d\u00e8s maintenant et pr\u00eats \u00e0 \u00eatre exp\u00e9di\u00e9s partout au Canada. Id\u00e9al pour les municipalit\u00e9s et les entrepreneurs \u00e0 la recherche d'une livraison imm\u00e9diate. Obtenez un devis d\u00e8s aujourd'hui !","og_url":"https:\/\/tenco.ca\/fr\/camions-cle-en-main-disponibles\/","og_site_name":"Tenco","article_modified_time":"2024-08-27T17:57:16+00:00","twitter_card":"summary_large_image","twitter_misc":{"Estimation du temps de lecture":"3 minutes"},"schema":{"@context":"https:\/\/schema.org","@graph":[{"@type":"WebPage","@id":"https:\/\/tenco.ca\/fr\/camions-cle-en-main-disponibles\/","url":"https:\/\/tenco.ca\/fr\/camions-cle-en-main-disponibles\/","name":"Camions de d\u00e9neigement disponibles \u2013 Obtenez un devis !","isPartOf":{"@id":"https:\/\/tenco.ca\/ny\/#website"},"datePublished":"2024-08-27T17:33:19+00:00","dateModified":"2024-08-27T17:57:16+00:00","description":"Pr\u00e9parez-vous pour l'hiver avec nos camions de d\u00e9neigement cl\u00e9 en main haut de gamme, disponibles d\u00e8s maintenant et pr\u00eats \u00e0 \u00eatre exp\u00e9di\u00e9s partout au Canada. Id\u00e9al pour les municipalit\u00e9s et les entrepreneurs \u00e0 la recherche d'une livraison imm\u00e9diate. Obtenez un devis d\u00e8s aujourd'hui !","breadcrumb":{"@id":"https:\/\/tenco.ca\/fr\/camions-cle-en-main-disponibles\/#breadcrumb"},"inLanguage":"fr-CA","potentialAction":[{"@type":"ReadAction","target":["https:\/\/tenco.ca\/fr\/camions-cle-en-main-disponibles\/"]}]},{"@type":"BreadcrumbList","@id":"https:\/\/tenco.ca\/fr\/camions-cle-en-main-disponibles\/#breadcrumb","itemListElement":[{"@type":"ListItem","position":1,"name":"Home","item":"https:\/\/tenco.ca\/fr\/"},{"@type":"ListItem","position":2,"name":"Camions cl\u00e9 en main compacts disponibles"}]},{"@type":"WebSite","@id":"https:\/\/tenco.ca\/ny\/#website","url":"https:\/\/tenco.ca\/ny\/","name":"Tenco","description":"","potentialAction":[{"@type":"SearchAction","target":{"@type":"EntryPoint","urlTemplate":"https:\/\/tenco.ca\/ny\/?s={search_term_string}"},"query-input":{"@type":"PropertyValueSpecification","valueRequired":true,"valueName":"search_term_string"}}],"inLanguage":"fr-CA"}]}},"_links":{"self":[{"href":"https:\/\/tenco.ca\/fr\/wp-json\/wp\/v2\/pages\/14690","targetHints":{"allow":["GET"]}}],"collection":[{"href":"https:\/\/tenco.ca\/fr\/wp-json\/wp\/v2\/pages"}],"about":[{"href":"https:\/\/tenco.ca\/fr\/wp-json\/wp\/v2\/types\/page"}],"author":[{"embeddable":true,"href":"https:\/\/tenco.ca\/fr\/wp-json\/wp\/v2\/users\/52"}],"replies":[{"embeddable":true,"href":"https:\/\/tenco.ca\/fr\/wp-json\/wp\/v2\/comments?post=14690"}],"version-history":[{"count":0,"href":"https:\/\/tenco.ca\/fr\/wp-json\/wp\/v2\/pages\/14690\/revisions"}],"wp:attachment":[{"href":"https:\/\/tenco.ca\/fr\/wp-json\/wp\/v2\/media?parent=14690"}],"curies":[{"name":"wp","href":"https:\/\/api.w.org\/{rel}","templated":true}]}}